{"id":693,"date":"2022-10-19T12:42:24","date_gmt":"2022-10-19T10:42:24","guid":{"rendered":"https:\/\/www.bibitri.at\/home\/"},"modified":"2026-04-09T12:28:26","modified_gmt":"2026-04-09T10:28:26","slug":"nuove-conoscenze-su-vecchie-tracce","status":"publish","type":"page","link":"https:\/\/www.bibitri.at\/it\/","title":{"rendered":"nuove conoscenze su vecchie tracce"},"content":{"rendered":"\n<div class=\"slider-wrapper relative\" id=\"slider-2087986428\" >\n    <div class=\"slider slider-nav-circle slider-nav-large slider-nav-light slider-style-normal\"\n        data-flickity-options='{\n            \"cellAlign\": \"center\",\n            \"imagesLoaded\": true,\n            \"lazyLoad\": 1,\n            \"freeScroll\": false,\n            \"wrapAround\": true,\n            \"autoPlay\": 6000,\n            \"pauseAutoPlayOnHover\" : true,\n            \"prevNextButtons\": true,\n            \"contain\" : true,\n            \"adaptiveHeight\" : true,\n            \"dragThreshold\" : 10,\n            \"percentPosition\": true,\n            \"pageDots\": true,\n            \"rightToLeft\": false,\n            \"draggable\": true,\n            \"selectedAttraction\": 0.1,\n            \"parallax\" : 0,\n            \"friction\": 0.6        }'\n        >\n        \n\n\n  <div class=\"banner has-hover bg-zoom\" id=\"banner-1788559746\">\n          <div class=\"banner-inner fill\">\n        <div class=\"banner-bg fill\" >\n            <img loading=\"lazy\" decoding=\"async\" width=\"2560\" height=\"1005\" src=\"https:\/\/www.bibitri.at\/wp-content\/uploads\/2025\/05\/bibitri_Verlag-scaled.jpg\" class=\"bg attachment-original size-original\" alt=\"bibitri Verlag\" \/>                        <div class=\"overlay\"><\/div>            \n                    <\/div>\n\t\t\n        <div class=\"banner-layers container\">\n            <div class=\"fill banner-link\"><\/div>            \n\n   <div id=\"text-box-1190299747\" class=\"text-box banner-layer x50 md-x50 lg-x50 y50 md-y50 lg-y50 res-text\">\n                     <div data-animate=\"flipInY\">           <div class=\"text-box-content text dark\">\n              \n              <div class=\"text-inner text-center\">\n                  \n\n\t<div id=\"text-4114544429\" class=\"text\">\n\t\t\n\n<h2 class=\"alt-font\">&nbsp;<\/h2>\n\t\t\n<style>\n#text-4114544429 {\n  font-size: 1.25rem;\n}\n<\/style>\n\t<\/div>\n\t\n<div class=\"is-divider divider clearfix\" style=\"margin-top:3px;margin-bottom:3px;\"><\/div>\n\n\t<div id=\"text-3071134142\" class=\"text\">\n\t\t\n\n<h1 class=\"h-large uppercase\"><span style=\"font-size: 160%;\"><strong>NEUES WISSEN<\/strong><\/span><\/h1>\n<p class=\"thin-font\"><em><span style=\"font-size: 400%;\">auf alten Spuren<\/span><\/em><\/p>\n\t\t\n<style>\n#text-3071134142 {\n  font-size: 1rem;\n  line-height: 1;\n  text-align: center;\n}\n<\/style>\n\t<\/div>\n\t\n<div class=\"is-divider divider clearfix\" ><\/div>\n\n\n              <\/div>\n           <\/div>\n       <\/div>                     \n<style>\n#text-box-1190299747 {\n  width: 100%;\n}\n#text-box-1190299747 .text-box-content {\n  font-size: 100%;\n}\n@media (min-width:550px) {\n  #text-box-1190299747 {\n    width: 70%;\n  }\n}\n<\/style>\n    <\/div>\n \n\n        <\/div>\n      <\/div>\n\n            \n<style>\n#banner-1788559746 {\n  padding-top: 540px;\n}\n#banner-1788559746 .overlay {\n  background-color: rgba(0, 0, 0, 0.02);\n}\n#banner-1788559746 .banner-bg img {\n  object-position: 58% 63%;\n}\n<\/style>\n  <\/div>\n\n\n\n     <\/div>\n\n     <div class=\"loading-spin dark large centered\"><\/div>\n\n\t<\/div>\n\n\n<div class=\"is-divider divider clearfix\" style=\"max-width:0px;height:16px;\"><\/div>\n\n\t<div id=\"text-854828506\" class=\"text\">\n\t\t\n\n<div><span lang=\"DE\">Unser Sortiment konzentriert sich auf Naturwissenschaft popul\u00e4r, Kulturgeschichte und Mythologie.<\/span><\/div>\n\t\t\n<style>\n#text-854828506 {\n  font-size: 1.55rem;\n  text-align: center;\n}\n<\/style>\n\t<\/div>\n\t\n<div class=\"is-divider divider clearfix\" style=\"max-width:0px;height:16px;\"><\/div>\n\n<div class=\"container section-title-container\" ><h2 class=\"section-title section-title-center\"><b aria-hidden=\"true\"><\/b><span class=\"section-title-main\" style=\"font-size:115%;\">I nostri libri<\/span><b aria-hidden=\"true\"><\/b><\/h2><\/div>\n\n\t\n  \n    <div class=\"row large-columns-4 medium-columns-3 small-columns-2 row-small slider row-slider slider-nav-reveal slider-nav-push\"  data-flickity-options='{&quot;imagesLoaded&quot;: true, &quot;groupCells&quot;: &quot;100%&quot;, &quot;dragThreshold&quot; : 5, &quot;cellAlign&quot;: &quot;left&quot;,&quot;wrapAround&quot;: true,&quot;prevNextButtons&quot;: true,&quot;percentPosition&quot;: true,&quot;pageDots&quot;: false, &quot;rightToLeft&quot;: false, &quot;autoPlay&quot; : false}' >\n\n  <\/div>\n\n\t\n  \n    <div class=\"row large-columns-3 medium-columns-2 small-columns-2 row-large\" >\n  \n\t     <div class=\"product-small col has-hover product type-product post-843 status-publish first instock product_cat-libri has-post-thumbnail taxable shipping-taxable purchasable product-type-simple\">\n\t<div class=\"col-inner\">\n\t\n<div class=\"badge-container absolute left top z-1\">\n\n<\/div>\n\t<div class=\"product-small box \">\n\t\t<div class=\"box-image\">\n\t\t\t<div class=\"image-fade_in_back\">\n\t\t\t\t<a href=\"https:\/\/www.bibitri.at\/it\/produkt\/dreistein-svela-il-tempo\/\">\n\t\t\t\t\t<img loading=\"lazy\" decoding=\"async\" width=\"300\" height=\"392\" src=\"https:\/\/www.bibitri.at\/wp-content\/uploads\/2022\/08\/Dreistein-1600-300x392.jpg\" class=\"attachment-woocommerce_thumbnail size-woocommerce_thumbnail\" alt=\"Dreistein entr\u00e4tselt die Zeit\" srcset=\"https:\/\/www.bibitri.at\/wp-content\/uploads\/2022\/08\/Dreistein-1600-300x392.jpg 300w, https:\/\/www.bibitri.at\/wp-content\/uploads\/2022\/08\/Dreistein-1600-306x400.jpg 306w, https:\/\/www.bibitri.at\/wp-content\/uploads\/2022\/08\/Dreistein-1600-612x800.jpg 612w, https:\/\/www.bibitri.at\/wp-content\/uploads\/2022\/08\/Dreistein-1600-768x1005.jpg 768w, https:\/\/www.bibitri.at\/wp-content\/uploads\/2022\/08\/Dreistein-1600-1174x1536.jpg 1174w, https:\/\/www.bibitri.at\/wp-content\/uploads\/2022\/08\/Dreistein-1600-600x785.jpg 600w, https:\/\/www.bibitri.at\/wp-content\/uploads\/2022\/08\/Dreistein-1600.jpg 1223w\" sizes=\"auto, (max-width: 300px) 100vw, 300px\" \/>\t\t\t\t<\/a>\n\t\t\t<\/div>\n\t\t\t<div class=\"image-tools is-small top right show-on-hover\">\n\t\t\t\t\t\t\t<\/div>\n\t\t\t<div class=\"image-tools is-small hide-for-small bottom left show-on-hover\">\n\t\t\t\t\t\t\t<\/div>\n\t\t\t<div class=\"image-tools grid-tools text-center hide-for-small bottom hover-slide-in show-on-hover\">\n\t\t\t\t\t\t\t<\/div>\n\t\t\t\t\t<\/div>\n\n\t\t<div class=\"box-text box-text-products\">\n\t\t\t<div class=\"title-wrapper\">\t\t<p class=\"category uppercase is-smaller no-text-overflow product-cat op-8\">\n\t\t\tLibri\t\t<\/p>\n\t<p class=\"name product-title woocommerce-loop-product__title\"><a href=\"https:\/\/www.bibitri.at\/it\/produkt\/dreistein-svela-il-tempo\/\" class=\"woocommerce-LoopProduct-link woocommerce-loop-product__link\">Dreistein entr\u00e4tselt die Zeit<\/a><\/p><\/div><div class=\"price-wrapper\"><\/a><p class=\"price\"><span class=\"woocommerce-Price-amount amount\"><bdi><span class=\"woocommerce-Price-currencySymbol\">&euro;<\/span>&nbsp;38,00<\/bdi><\/span><\/p>\n\t\t<div class=\"wgm-info woocommerce-de_price_taxrate \"><\/div>\n\t\t<div class=\"wgm-info woocommerce_de_versandkosten\">pi\u00f9 <a class=\"versandkosten\" href=\"https:\/\/www.bibitri.at\/it\/spedizione_consegna\/\" target=\"_blank\">spese di spedizione<\/a><\/div><\/div>\t\t<\/div>\n\t<\/div>\n\t\t<\/div>\n<\/div><div class=\"product-small col has-hover product type-product post-844 status-publish instock product_cat-libri has-post-thumbnail taxable shipping-taxable purchasable product-type-simple\">\n\t<div class=\"col-inner\">\n\t\n<div class=\"badge-container absolute left top z-1\">\n\n<\/div>\n\t<div class=\"product-small box \">\n\t\t<div class=\"box-image\">\n\t\t\t<div class=\"image-fade_in_back\">\n\t\t\t\t<a href=\"https:\/\/www.bibitri.at\/it\/produkt\/der-lichtgeflutete-berg-luschari\/\">\n\t\t\t\t\t<img loading=\"lazy\" decoding=\"async\" width=\"300\" height=\"392\" src=\"https:\/\/www.bibitri.at\/wp-content\/uploads\/2022\/08\/Der_lichtgeflutete_Berg-2-300x392.jpg\" class=\"attachment-woocommerce_thumbnail size-woocommerce_thumbnail\" alt=\"Der lichtgeflutete Berg \u2013 LUSCHARI\" srcset=\"https:\/\/www.bibitri.at\/wp-content\/uploads\/2022\/08\/Der_lichtgeflutete_Berg-2-300x392.jpg 300w, https:\/\/www.bibitri.at\/wp-content\/uploads\/2022\/08\/Der_lichtgeflutete_Berg-2-306x400.jpg 306w, https:\/\/www.bibitri.at\/wp-content\/uploads\/2022\/08\/Der_lichtgeflutete_Berg-2-612x800.jpg 612w, https:\/\/www.bibitri.at\/wp-content\/uploads\/2022\/08\/Der_lichtgeflutete_Berg-2-768x1005.jpg 768w, https:\/\/www.bibitri.at\/wp-content\/uploads\/2022\/08\/Der_lichtgeflutete_Berg-2-1174x1536.jpg 1174w, https:\/\/www.bibitri.at\/wp-content\/uploads\/2022\/08\/Der_lichtgeflutete_Berg-2-600x785.jpg 600w, https:\/\/www.bibitri.at\/wp-content\/uploads\/2022\/08\/Der_lichtgeflutete_Berg-2.jpg 1223w\" sizes=\"auto, (max-width: 300px) 100vw, 300px\" \/>\t\t\t\t<\/a>\n\t\t\t<\/div>\n\t\t\t<div class=\"image-tools is-small top right show-on-hover\">\n\t\t\t\t\t\t\t<\/div>\n\t\t\t<div class=\"image-tools is-small hide-for-small bottom left show-on-hover\">\n\t\t\t\t\t\t\t<\/div>\n\t\t\t<div class=\"image-tools grid-tools text-center hide-for-small bottom hover-slide-in show-on-hover\">\n\t\t\t\t\t\t\t<\/div>\n\t\t\t\t\t<\/div>\n\n\t\t<div class=\"box-text box-text-products\">\n\t\t\t<div class=\"title-wrapper\">\t\t<p class=\"category uppercase is-smaller no-text-overflow product-cat op-8\">\n\t\t\tLibri\t\t<\/p>\n\t<p class=\"name product-title woocommerce-loop-product__title\"><a href=\"https:\/\/www.bibitri.at\/it\/produkt\/der-lichtgeflutete-berg-luschari\/\" class=\"woocommerce-LoopProduct-link woocommerce-loop-product__link\">Der lichtgeflutete Berg \u2013 LUSCHARI<\/a><\/p><\/div><div class=\"price-wrapper\"><\/a><p class=\"price\"><span class=\"woocommerce-Price-amount amount\"><bdi><span class=\"woocommerce-Price-currencySymbol\">&euro;<\/span>&nbsp;49,00<\/bdi><\/span><\/p>\n\t\t<div class=\"wgm-info woocommerce-de_price_taxrate \"><\/div>\n\t\t<div class=\"wgm-info woocommerce_de_versandkosten\">pi\u00f9 <a class=\"versandkosten\" href=\"https:\/\/www.bibitri.at\/it\/spedizione_consegna\/\" target=\"_blank\">spese di spedizione<\/a><\/div><\/div>\t\t<\/div>\n\t<\/div>\n\t\t<\/div>\n<\/div><div class=\"product-small col has-hover product type-product post-842 status-publish last instock product_cat-libri has-post-thumbnail taxable shipping-taxable purchasable product-type-simple\">\n\t<div class=\"col-inner\">\n\t\n<div class=\"badge-container absolute left top z-1\">\n\n<\/div>\n\t<div class=\"product-small box \">\n\t\t<div class=\"box-image\">\n\t\t\t<div class=\"image-fade_in_back\">\n\t\t\t\t<a href=\"https:\/\/www.bibitri.at\/it\/produkt\/il-monte-inondato-di-luce-lussari\/\">\n\t\t\t\t\t<img loading=\"lazy\" decoding=\"async\" width=\"300\" height=\"392\" src=\"https:\/\/www.bibitri.at\/wp-content\/uploads\/2022\/08\/Il_Monte_inondato_di_luce-300x392.jpg\" class=\"attachment-woocommerce_thumbnail size-woocommerce_thumbnail\" alt=\"Il Monte inondato di luce \u2013 LUSSARI\" srcset=\"https:\/\/www.bibitri.at\/wp-content\/uploads\/2022\/08\/Il_Monte_inondato_di_luce-300x392.jpg 300w, https:\/\/www.bibitri.at\/wp-content\/uploads\/2022\/08\/Il_Monte_inondato_di_luce-306x400.jpg 306w, https:\/\/www.bibitri.at\/wp-content\/uploads\/2022\/08\/Il_Monte_inondato_di_luce-612x800.jpg 612w, https:\/\/www.bibitri.at\/wp-content\/uploads\/2022\/08\/Il_Monte_inondato_di_luce-768x1005.jpg 768w, https:\/\/www.bibitri.at\/wp-content\/uploads\/2022\/08\/Il_Monte_inondato_di_luce-1174x1536.jpg 1174w, https:\/\/www.bibitri.at\/wp-content\/uploads\/2022\/08\/Il_Monte_inondato_di_luce-600x785.jpg 600w, https:\/\/www.bibitri.at\/wp-content\/uploads\/2022\/08\/Il_Monte_inondato_di_luce.jpg 1223w\" sizes=\"auto, (max-width: 300px) 100vw, 300px\" \/>\t\t\t\t<\/a>\n\t\t\t<\/div>\n\t\t\t<div class=\"image-tools is-small top right show-on-hover\">\n\t\t\t\t\t\t\t<\/div>\n\t\t\t<div class=\"image-tools is-small hide-for-small bottom left show-on-hover\">\n\t\t\t\t\t\t\t<\/div>\n\t\t\t<div class=\"image-tools grid-tools text-center hide-for-small bottom hover-slide-in show-on-hover\">\n\t\t\t\t\t\t\t<\/div>\n\t\t\t\t\t<\/div>\n\n\t\t<div class=\"box-text box-text-products\">\n\t\t\t<div class=\"title-wrapper\">\t\t<p class=\"category uppercase is-smaller no-text-overflow product-cat op-8\">\n\t\t\tLibri\t\t<\/p>\n\t<p class=\"name product-title woocommerce-loop-product__title\"><a href=\"https:\/\/www.bibitri.at\/it\/produkt\/il-monte-inondato-di-luce-lussari\/\" class=\"woocommerce-LoopProduct-link woocommerce-loop-product__link\">Il Monte inondato di luce \u2013 LUSSARI<\/a><\/p><\/div><div class=\"price-wrapper\"><\/a><p class=\"price\"><span class=\"woocommerce-Price-amount amount\"><bdi><span class=\"woocommerce-Price-currencySymbol\">&euro;<\/span>&nbsp;49,00<\/bdi><\/span><\/p>\n\t\t<div class=\"wgm-info woocommerce-de_price_taxrate \"><\/div>\n\t\t<div class=\"wgm-info woocommerce_de_versandkosten\">pi\u00f9 <a class=\"versandkosten\" href=\"https:\/\/www.bibitri.at\/it\/spedizione_consegna\/\" target=\"_blank\">spese di spedizione<\/a><\/div><\/div>\t\t<\/div>\n\t<\/div>\n\t\t<\/div>\n<\/div><\/div>\n\n<div class=\"container section-title-container\" ><h2 class=\"section-title section-title-center\"><b aria-hidden=\"true\"><\/b><span class=\"section-title-main\" style=\"font-size:115%;\">.  .  .<\/span><b aria-hidden=\"true\"><\/b><\/h2><\/div>\n\n<div class=\"is-divider divider clearfix\" style=\"max-width:0px;\"><\/div>\n\n<div class=\"row\"  id=\"row-1850841924\">\n\n\n\t<div id=\"col-1772031033\" class=\"col medium-4 small-12 large-4\"  >\n\t\t\t\t<div class=\"col-inner\"  >\n\t\t\t\n\t\t\t\n\n\t<div class=\"img has-hover x md-x lg-x y md-y lg-y\" id=\"image_465935900\">\n\t\t<a class=\"\" href=\"https:\/\/www.bibitri.at\/it\/produkt\/dreistein-svela-il-tempo\/\" target=\"_blank\" rel=\"noopener\" >\t\t\t\t\t\t<div class=\"img-inner dark\" >\n\t\t\t<img loading=\"lazy\" decoding=\"async\" width=\"768\" height=\"1005\" src=\"https:\/\/www.bibitri.at\/wp-content\/uploads\/2022\/08\/Dreistein-1600-768x1005.jpg\" class=\"attachment-medium_large size-medium_large\" alt=\"\" srcset=\"https:\/\/www.bibitri.at\/wp-content\/uploads\/2022\/08\/Dreistein-1600-768x1005.jpg 768w, https:\/\/www.bibitri.at\/wp-content\/uploads\/2022\/08\/Dreistein-1600-306x400.jpg 306w, https:\/\/www.bibitri.at\/wp-content\/uploads\/2022\/08\/Dreistein-1600-612x800.jpg 612w, https:\/\/www.bibitri.at\/wp-content\/uploads\/2022\/08\/Dreistein-1600-1174x1536.jpg 1174w, https:\/\/www.bibitri.at\/wp-content\/uploads\/2022\/08\/Dreistein-1600-300x392.jpg 300w, https:\/\/www.bibitri.at\/wp-content\/uploads\/2022\/08\/Dreistein-1600-600x785.jpg 600w, https:\/\/www.bibitri.at\/wp-content\/uploads\/2022\/08\/Dreistein-1600.jpg 1223w\" sizes=\"auto, (max-width: 768px) 100vw, 768px\" \/>\t\t\t\t\t\t\n\t\t\t\t\t<\/div>\n\t\t\t\t\t\t<\/a>\t\t\n<style>\n#image_465935900 {\n  width: 60%;\n}\n<\/style>\n\t<\/div>\n\t\n\n<p>Helmut Tributsch<br \/><strong>Dreistein entr\u00e4tselt die Zeit<\/strong><br \/>Uhrzeit tickt nur, doch Naturzeit wirkt<\/p>\n<p>Einstein hatte damit recht, dass Zeit eine Illusion und relativ ist. Aber er sprach von der Zeit der Physik, n\u00e4mlich der Uhrzeit, die nicht die Zeit der Natur ausdr\u00fcckt. <strong>Mit dieser Vereinfachung hat die Physik die Zeit erst verschl\u00fcsselt und ihr den Mythos eines R\u00e4tsels auferlegt.<\/strong>&nbsp;Daraus resultieren Paradoxien wie Quantenunlogik, Zeitreisen und Energie aus dem Nichts. Die Zeit der Natur entsteht jedoch als Zeitpfeil durch Energieereignisse, gespeist von der Sonne. <strong>Das Buch durchleuchtet das gestaltende Wesen der Zeit und skizziert ein v\u00f6llig neues Weltbild.<\/strong> Dreistein verk\u00f6rpert diesen neuen Zeitgeist.<\/p>\n\n\t\t<\/div>\n\t\t\t\t\t<\/div>\n\n\t\n\n\t<div id=\"col-1044326118\" class=\"col medium-4 small-12 large-4\"  >\n\t\t\t\t<div class=\"col-inner\"  >\n\t\t\t\n\t\t\t\n\n\t<div class=\"img has-hover x md-x lg-x y md-y lg-y\" id=\"image_1438694254\">\n\t\t<a class=\"\" href=\"https:\/\/www.bibitri.at\/it\/produkt\/der-lichtgeflutete-berg-luschari\/\" target=\"_blank\" rel=\"noopener\" >\t\t\t\t\t\t<div class=\"img-inner dark\" >\n\t\t\t<img loading=\"lazy\" decoding=\"async\" width=\"768\" height=\"1005\" src=\"https:\/\/www.bibitri.at\/wp-content\/uploads\/2022\/08\/Der_lichtgeflutete_Berg-2-768x1005.jpg\" class=\"attachment-medium_large size-medium_large\" alt=\"\" srcset=\"https:\/\/www.bibitri.at\/wp-content\/uploads\/2022\/08\/Der_lichtgeflutete_Berg-2-768x1005.jpg 768w, https:\/\/www.bibitri.at\/wp-content\/uploads\/2022\/08\/Der_lichtgeflutete_Berg-2-306x400.jpg 306w, https:\/\/www.bibitri.at\/wp-content\/uploads\/2022\/08\/Der_lichtgeflutete_Berg-2-612x800.jpg 612w, https:\/\/www.bibitri.at\/wp-content\/uploads\/2022\/08\/Der_lichtgeflutete_Berg-2-1174x1536.jpg 1174w, https:\/\/www.bibitri.at\/wp-content\/uploads\/2022\/08\/Der_lichtgeflutete_Berg-2-300x392.jpg 300w, https:\/\/www.bibitri.at\/wp-content\/uploads\/2022\/08\/Der_lichtgeflutete_Berg-2-600x785.jpg 600w, https:\/\/www.bibitri.at\/wp-content\/uploads\/2022\/08\/Der_lichtgeflutete_Berg-2.jpg 1223w\" sizes=\"auto, (max-width: 768px) 100vw, 768px\" \/>\t\t\t\t\t\t\n\t\t\t\t\t<\/div>\n\t\t\t\t\t\t<\/a>\t\t\n<style>\n#image_1438694254 {\n  width: 60%;\n}\n<\/style>\n\t<\/div>\n\t\n\n<p>Helmut Tributsch<br \/><strong>Der lichtgeflutete Berg LUSCHARI<\/strong><br \/>Symbol, Naturreligion, Mythos heiliger Berge<\/p>\n<p style=\"font-weight: 400;\">Der Autor nimmt die Leser:innen mit auf eine <strong>faszinierende Reise zu den Jahrtausende alten Wurzeln der Tradition des Pilgerns und ergr\u00fcndet die spirituellen Geheimnisse der Julischen Alpen.<\/strong> Ausgehend vom Luschari-Berg im Kanaltal, einem christlichen Wallfahrtsort inmitten dreier Sprachgruppen, f\u00fchrt die detektivische Spurensuche weit in die vorchristliche Vergangenheit. \u00dcber das Kaukasus-Gebiet bis zu heiligen Bergen Eurasiens werden vergessene Natur-Erfahrungen, Mythen und Legenden erforscht, die tief mit dem Wissen der Indoeurop\u00e4er verkn\u00fcpft sind, das einst mit ihnen in die Julischen Alpen gelangte.<\/p>\n\n\t\t<\/div>\n\t\t\t\t\t<\/div>\n\n\t\n\n\t<div id=\"col-1037856596\" class=\"col medium-4 small-12 large-4\"  >\n\t\t\t\t<div class=\"col-inner\"  >\n\t\t\t\n\t\t\t\n\n\t<div class=\"img has-hover x md-x lg-x y md-y lg-y\" id=\"image_2086151777\">\n\t\t<a class=\"\" href=\"https:\/\/www.bibitri.at\/it\/produkt\/il-monte-inondato-di-luce-lussari\/\" target=\"_blank\" rel=\"noopener\" >\t\t\t\t\t\t<div class=\"img-inner dark\" >\n\t\t\t<img loading=\"lazy\" decoding=\"async\" width=\"768\" height=\"1005\" src=\"https:\/\/www.bibitri.at\/wp-content\/uploads\/2022\/08\/Il_Monte_inondato_di_luce-768x1005.jpg\" class=\"attachment-medium_large size-medium_large\" alt=\"\" srcset=\"https:\/\/www.bibitri.at\/wp-content\/uploads\/2022\/08\/Il_Monte_inondato_di_luce-768x1005.jpg 768w, https:\/\/www.bibitri.at\/wp-content\/uploads\/2022\/08\/Il_Monte_inondato_di_luce-306x400.jpg 306w, https:\/\/www.bibitri.at\/wp-content\/uploads\/2022\/08\/Il_Monte_inondato_di_luce-612x800.jpg 612w, https:\/\/www.bibitri.at\/wp-content\/uploads\/2022\/08\/Il_Monte_inondato_di_luce-1174x1536.jpg 1174w, https:\/\/www.bibitri.at\/wp-content\/uploads\/2022\/08\/Il_Monte_inondato_di_luce-300x392.jpg 300w, https:\/\/www.bibitri.at\/wp-content\/uploads\/2022\/08\/Il_Monte_inondato_di_luce-600x785.jpg 600w, https:\/\/www.bibitri.at\/wp-content\/uploads\/2022\/08\/Il_Monte_inondato_di_luce.jpg 1223w\" sizes=\"auto, (max-width: 768px) 100vw, 768px\" \/>\t\t\t\t\t\t\n\t\t\t\t\t<\/div>\n\t\t\t\t\t\t<\/a>\t\t\n<style>\n#image_2086151777 {\n  width: 60%;\n}\n<\/style>\n\t<\/div>\n\t\n\n<p>Helmut Tributsch<br \/><strong>Il Monte inondato di luce LUSSARI<\/strong><br \/>Simbolo di una religione naturale preistorica<\/p>\n<p style=\"font-weight: 400;\">Die Untersuchung der Lussari-Tradition zeigt eine heidnische Vergangenheit des Berges. Das Buch rekonstruiert die Spuren bis in die Vorgeschichte und beleuchtet die Naturph\u00e4nomene, die sie inspirierten. Dazu wird der <strong>Mythos der heiligen Berge mit ihren Wasserquellen<\/strong> bis in die urspr\u00fcngliche Heimat der indogermanischen V\u00f6lker zur\u00fcckverfolgt. Es gelingt, das nat\u00fcrliche Heiligtum mit dem G\u00f6tterberg, dem Mangart, und seinen den Gottheiten geweihten Fl\u00fcssen zu rekonstruieren. Auch der Name des <strong>Sonnengottes (Bel)<\/strong> sowie die Funktion <strong>antiker St\u00e4tten entlang der R\u00f6merstra\u00dfe im Kanaltal<\/strong> werden erl\u00e4utert.<\/p>\n\n\t\t<\/div>\n\t\t\t\t\t<\/div>\n\n\t\n\n<\/div>\n<div class=\"row\"  id=\"row-293391377\">\n\n\n\t<div id=\"col-946886163\" class=\"col medium-2 small-12 large-2\"  >\n\t\t\t\t<div class=\"col-inner\"  >\n\t\t\t\n\t\t\t\n\n\n\t\t<\/div>\n\t\t\t\t\t<\/div>\n\n\t\n\n\t<div id=\"col-362553752\" class=\"col medium-8 small-12 large-8\"  >\n\t\t\t\t<div class=\"col-inner\"  >\n\t\t\t\n\t\t\t\n\n\n\t\t<\/div>\n\t\t\t\t\t<\/div>\n\n\t\n\n\t<div id=\"col-749322084\" class=\"col medium-2 small-12 large-2\"  >\n\t\t\t\t<div class=\"col-inner\"  >\n\t\t\t\n\t\t\t\n\n\n\t\t<\/div>\n\t\t\t\t\t<\/div>\n\n\t\n\n<\/div>\n<div class=\"slider-wrapper relative\" id=\"slider-1481336835\" >\n    <div class=\"slider slider-nav-circle slider-nav-large slider-nav-light slider-style-normal\"\n        data-flickity-options='{\n            \"cellAlign\": \"center\",\n            \"imagesLoaded\": true,\n            \"lazyLoad\": 1,\n            \"freeScroll\": false,\n            \"wrapAround\": true,\n            \"autoPlay\": 6000,\n            \"pauseAutoPlayOnHover\" : true,\n            \"prevNextButtons\": true,\n            \"contain\" : true,\n            \"adaptiveHeight\" : true,\n            \"dragThreshold\" : 10,\n            \"percentPosition\": true,\n            \"pageDots\": true,\n            \"rightToLeft\": false,\n            \"draggable\": true,\n            \"selectedAttraction\": 0.1,\n            \"parallax\" : 0,\n            \"friction\": 0.6        }'\n        >\n        \n\n\t<div class=\"img has-hover x md-x lg-x y md-y lg-y\" id=\"image_1029069063\">\n\t\t\t\t\t\t\t\t<div class=\"img-inner dark\" >\n\t\t\t<img loading=\"lazy\" decoding=\"async\" width=\"1020\" height=\"411\" src=\"https:\/\/www.bibitri.at\/wp-content\/uploads\/2024\/02\/Almrausch_Mangart-web-1-1400x564.jpg\" class=\"attachment-large size-large\" alt=\"\" srcset=\"https:\/\/www.bibitri.at\/wp-content\/uploads\/2024\/02\/Almrausch_Mangart-web-1-1400x564.jpg 1400w, https:\/\/www.bibitri.at\/wp-content\/uploads\/2024\/02\/Almrausch_Mangart-web-1-800x322.jpg 800w, https:\/\/www.bibitri.at\/wp-content\/uploads\/2024\/02\/Almrausch_Mangart-web-1-768x309.jpg 768w, https:\/\/www.bibitri.at\/wp-content\/uploads\/2024\/02\/Almrausch_Mangart-web-1-1536x618.jpg 1536w, https:\/\/www.bibitri.at\/wp-content\/uploads\/2024\/02\/Almrausch_Mangart-web-1-2048x824.jpg 2048w, https:\/\/www.bibitri.at\/wp-content\/uploads\/2024\/02\/Almrausch_Mangart-web-1-300x121.jpg 300w, https:\/\/www.bibitri.at\/wp-content\/uploads\/2024\/02\/Almrausch_Mangart-web-1-600x242.jpg 600w\" sizes=\"auto, (max-width: 1020px) 100vw, 1020px\" \/>\t\t\t\t\t\t\n\t\t\t\t\t<\/div>\n\t\t\t\t\t\t\t\t\n<style>\n#image_1029069063 {\n  width: 100%;\n}\n<\/style>\n\t<\/div>\n\t\n\n\n     <\/div>\n\n     <div class=\"loading-spin dark large centered\"><\/div>\n\n\t<\/div>\n\n\n<div class=\"container section-title-container\" ><h2 class=\"section-title section-title-center\"><b aria-hidden=\"true\"><\/b><span class=\"section-title-main\" style=\"color:rgb(218, 135, 62);\">Recensioni dei lettori<\/span><b aria-hidden=\"true\"><\/b><\/h2><\/div>\n\n<div class=\"row align-equal row-box-shadow-2 row-box-shadow-5-hover\"  id=\"row-1561342258\">\n\n\n\t<div id=\"col-2084374901\" class=\"col medium-4 small-12 large-4\"  >\n\t\t\t\t<div class=\"col-inner\"  >\n\t\t\t\n\t\t\t\n\n  <div class=\"icon-box testimonial-box icon-box-center text-center\">\n                <div class=\"icon-box-img testimonial-image circle\" style=\"width: 121px\">\n                      <\/div>\n                <div class=\"icon-box-text p-last-0\">\n          <div class=\"star-rating\" role=\"img\" aria-label=\"Rated 5 out of 5\"><span style=\"width:100%\"><strong class=\"rating\"><\/strong><\/span><\/div>  \t\t\t\t<div class=\"testimonial-text line-height-small italic test_text first-reset last-reset is-italic\">\n            \n\n\t<div id=\"text-1275538121\" class=\"text\">\n\t\t\n\n<p style=\"font-weight: 400;\">Seitdem ich das Buch kenne, begleitet mich diese faszinierende Idee des Pilgerns.&nbsp;Die Anbetung der Sonne und die damit verbundenen Rituale haben bis heute Bestand, strukturieren das Jahr und schenken Dankbarkeit. Das Buch er\u00f6ffnet einen so gro\u00dfartigen Zugang zum Verst\u00e4ndnis der Natur.<\/p>\n\t\t\n<style>\n#text-1275538121 {\n  font-size: 0.8rem;\n  line-height: 1.4;\n}\n@media (min-width:550px) {\n  #text-1275538121 {\n    font-size: 1.2rem;\n  }\n}\n<\/style>\n\t<\/div>\n\t\n\n          <\/div>\n          <div class=\"testimonial-meta pt-half\">\n             <strong class=\"testimonial-name test_name\">G<\/strong>\n             <span class=\"testimonial-name-divider\"> \/ <\/span>             <span class=\"testimonial-company test_company\">Villach<\/span>\n          <\/div>\n        <\/div>\n  <\/div>\n\n  \n\n\t\t<\/div>\n\t\t\t\t\t<\/div>\n\n\t\n\n\t<div id=\"col-2056891182\" class=\"col medium-4 small-12 large-4\"  >\n\t\t\t\t<div class=\"col-inner\"  >\n\t\t\t\n\t\t\t\n\n  <div class=\"icon-box testimonial-box icon-box-center text-center\">\n                <div class=\"icon-box-img testimonial-image circle\" style=\"width: 121px\">\n                      <\/div>\n                <div class=\"icon-box-text p-last-0\">\n          <div class=\"star-rating\" role=\"img\" aria-label=\"Rated 5 out of 5\"><span style=\"width:100%\"><strong class=\"rating\"><\/strong><\/span><\/div>  \t\t\t\t<div class=\"testimonial-text line-height-small italic test_text first-reset last-reset is-italic\">\n            \n\n\t<div id=\"text-3022313136\" class=\"text\">\n\t\t\n\n<p>Grazie per l&#8217;interessante racconto che descrive il significato delle montagne sacre e le origini scientifiche naturali della religione. Ci sono molte cose nuove da scoprire. Il libro trasmette un grande patrimonio culturale valido per tutta la regione alpina. Grazie per gli approfondimenti!<\/p>\n\t\t\n<style>\n#text-3022313136 {\n  font-size: 0.8rem;\n  line-height: 1.4;\n}\n@media (min-width:550px) {\n  #text-3022313136 {\n    font-size: 1.2rem;\n  }\n}\n<\/style>\n\t<\/div>\n\t\n\n          <\/div>\n          <div class=\"testimonial-meta pt-half\">\n             <strong class=\"testimonial-name test_name\">A + L<\/strong>\n             <span class=\"testimonial-name-divider\"> \/ <\/span>             <span class=\"testimonial-company test_company\">Klagenfurt<\/span>\n          <\/div>\n        <\/div>\n  <\/div>\n\n  \n\n\t\t<\/div>\n\t\t\t\t\t<\/div>\n\n\t\n\n\t<div id=\"col-259550464\" class=\"col hide-for-small medium-4 small-12 large-4\"  >\n\t\t\t\t<div class=\"col-inner\"  >\n\t\t\t\n\t\t\t\n\n  <div class=\"icon-box testimonial-box icon-box-center text-center\">\n                <div class=\"icon-box-img testimonial-image circle\" style=\"width: 121px\">\n                      <\/div>\n                <div class=\"icon-box-text p-last-0\">\n          <div class=\"star-rating\" role=\"img\" aria-label=\"Rated 5 out of 5\"><span style=\"width:100%\"><strong class=\"rating\"><\/strong><\/span><\/div>  \t\t\t\t<div class=\"testimonial-text line-height-small italic test_text first-reset last-reset is-italic\">\n            \n\n\t<div id=\"text-3842012040\" class=\"text\">\n\t\t\n\n<p>Eindrucksvoll, wie tief die Gedanken des Autors dringen und gleichzeitig das Wissen von weit drau\u00dfen in der Welt mit dem Luschari-Berg verkn\u00fcpfen! Diese Suche nach dem Verstehen der Heiligen Berge im eurasischen Raum f\u00fchrt weit in die Vergangenheit zur\u00fcck und ist ein aufschlussreiches Geschenk an alle Interessierten.<\/p>\n\t\t\n<style>\n#text-3842012040 {\n  font-size: 1.2rem;\n  line-height: 1.4;\n}\n<\/style>\n\t<\/div>\n\t\n\n          <\/div>\n          <div class=\"testimonial-meta pt-half\">\n             <strong class=\"testimonial-name test_name\">R + B<\/strong>\n             <span class=\"testimonial-name-divider\"> \/ <\/span>             <span class=\"testimonial-company test_company\">Valcanale<\/span>\n          <\/div>\n        <\/div>\n  <\/div>\n\n  \n\n\t\t<\/div>\n\t\t\t\t\t<\/div>\n\n\t\n\n\n<style>\n#row-1561342258 > .col > .col-inner {\n  padding: 30px 30px 30px 30px;\n}\n<\/style>\n<\/div>\n<div class=\"row\"  id=\"row-1941102425\">\n\n\n\t<div id=\"col-1960366378\" class=\"col medium-2 small-12 large-2\"  >\n\t\t\t\t<div class=\"col-inner\"  >\n\t\t\t\n\t\t\t\n\n\n\t\t<\/div>\n\t\t\t\t\t<\/div>\n\n\t\n\n\t<div id=\"col-423727281\" class=\"col medium-8 small-12 large-8\"  >\n\t\t\t\t<div class=\"col-inner\"  >\n\t\t\t\n\t\t\t\n\n<div class=\"text-center\"><div class=\"is-divider divider clearfix\" style=\"margin-top:2em;margin-bottom:2em;max-width:750px;height:8px;background-color:rgb(218, 135, 62);\"><\/div><\/div>\n\n<p>Wir freuen uns, dass unser Buch \u00fcber den Luschari-Berg in die H\u00e4nde des Papstes gelangt ist. Auf dem Bild sieht man Mario Anzil von der Delegation Friaul-Julisch-Venetien bei der \u00dcbergabe an Papst Franziskus am 7. Dezember 2024 in Rom. Buon Natale!<\/p>\n\t<div class=\"img has-hover x md-x lg-x y md-y lg-y\" id=\"image_1438026959\">\n\t\t\t\t\t\t\t\t<div class=\"img-inner dark\" >\n\t\t\t<img loading=\"lazy\" decoding=\"async\" width=\"1020\" height=\"707\" src=\"https:\/\/www.bibitri.at\/wp-content\/uploads\/2024\/12\/Buch-Uebergabe-1154x800.jpg\" class=\"attachment-large size-large\" alt=\"Papa Francesco riceve il libro \u201cIl monte Luzhari inondato di luce\u201d dal rappresentante del governo del FVG\" srcset=\"https:\/\/www.bibitri.at\/wp-content\/uploads\/2024\/12\/Buch-Uebergabe-1154x800.jpg 1154w, https:\/\/www.bibitri.at\/wp-content\/uploads\/2024\/12\/Buch-Uebergabe-577x400.jpg 577w, https:\/\/www.bibitri.at\/wp-content\/uploads\/2024\/12\/Buch-Uebergabe-768x532.jpg 768w, https:\/\/www.bibitri.at\/wp-content\/uploads\/2024\/12\/Buch-Uebergabe-1536x1064.jpg 1536w, https:\/\/www.bibitri.at\/wp-content\/uploads\/2024\/12\/Buch-Uebergabe-300x208.jpg 300w, https:\/\/www.bibitri.at\/wp-content\/uploads\/2024\/12\/Buch-Uebergabe-600x416.jpg 600w, https:\/\/www.bibitri.at\/wp-content\/uploads\/2024\/12\/Buch-Uebergabe.jpg 2000w\" sizes=\"auto, (max-width: 1020px) 100vw, 1020px\" \/>\t\t\t\t\t\t\n\t\t\t\t\t<\/div>\n\t\t\t\t\t\t\t\t\n<style>\n#image_1438026959 {\n  width: 100%;\n}\n<\/style>\n\t<\/div>\n\t\n\n\t<div id=\"text-1254506274\" class=\"text\">\n\t\t\n\n<p style=\"text-align: center;\">&#8230;<\/p>\n\t\t\n<style>\n#text-1254506274 {\n  font-size: 2.7rem;\n  line-height: 0.75;\n}\n<\/style>\n\t<\/div>\n\t\n\n\t\t<\/div>\n\t\t\t\t\t<\/div>\n\n\t\n\n\t<div id=\"col-1208996731\" class=\"col medium-2 small-12 large-2\"  >\n\t\t\t\t<div class=\"col-inner\"  >\n\t\t\t\n\t\t\t\n\n\n\t\t<\/div>\n\t\t\t\t\t<\/div>\n\n\t\n\n<\/div>\n\t<div class=\"img has-hover x md-x lg-x y md-y lg-y\" id=\"image_1132667960\">\n\t\t\t\t\t\t\t\t<div class=\"img-inner dark\" >\n\t\t\t<img loading=\"lazy\" decoding=\"async\" width=\"1020\" height=\"411\" src=\"https:\/\/www.bibitri.at\/wp-content\/uploads\/2024\/02\/Sonnenfinger-web-1-1400x564.jpg\" class=\"attachment-large size-large\" alt=\"\" srcset=\"https:\/\/www.bibitri.at\/wp-content\/uploads\/2024\/02\/Sonnenfinger-web-1-1400x564.jpg 1400w, https:\/\/www.bibitri.at\/wp-content\/uploads\/2024\/02\/Sonnenfinger-web-1-800x322.jpg 800w, https:\/\/www.bibitri.at\/wp-content\/uploads\/2024\/02\/Sonnenfinger-web-1-768x309.jpg 768w, https:\/\/www.bibitri.at\/wp-content\/uploads\/2024\/02\/Sonnenfinger-web-1-1536x618.jpg 1536w, https:\/\/www.bibitri.at\/wp-content\/uploads\/2024\/02\/Sonnenfinger-web-1-2048x824.jpg 2048w, https:\/\/www.bibitri.at\/wp-content\/uploads\/2024\/02\/Sonnenfinger-web-1-300x121.jpg 300w, https:\/\/www.bibitri.at\/wp-content\/uploads\/2024\/02\/Sonnenfinger-web-1-600x242.jpg 600w\" sizes=\"auto, (max-width: 1020px) 100vw, 1020px\" \/>\t\t\t\t\t\t\n\t\t\t\t\t<\/div>\n\t\t\t\t\t\t\t\t\n<style>\n#image_1132667960 {\n  width: 100%;\n}\n<\/style>\n\t<\/div>\n\t\n\n\t<div id=\"gap-181672781\" class=\"gap-element clearfix\" style=\"display:block; height:auto;\">\n\t\t\n<style>\n#gap-181672781 {\n  padding-top: 40px;\n}\n<\/style>\n\t<\/div>\n\t\n\n<div class=\"row row-divided\"  id=\"row-2061732938\">\n\n\n\t<div id=\"col-1976911517\" class=\"col medium-4 large-4\"  >\n\t\t\t\t<div class=\"col-inner\"  >\n\t\t\t\n\t\t\t\n\n\n\t\t<div class=\"icon-box featured-box icon-box-center text-center\"  style=\"margin:0px 0px 0px 0px;\">\n\t\t\t\t\t<div class=\"icon-box-img has-icon-bg\" style=\"width: 46px\">\n\t\t\t\t<div class=\"icon\">\n\t\t\t\t\t<div class=\"icon-inner\" style=\"border-width:2px;color:rgb(182, 182, 182);\">\n\t\t\t\t\t\t\t\t\t\t\t<\/div>\n\t\t\t\t<\/div>\n\t\t\t<\/div>\n\t\t\t\t<div class=\"icon-box-text last-reset\">\n\t\t\t<h5 class=\"uppercase\">I nostri contenuti<\/h5>\t\t\t\t\t\t\n\n<p class=\"p1\"><span class=\"s1\">La casa editrice \u00e8 votata alla curiosit\u00e0. La gamma dei libri si concentra sulla scienza popolare, la storia culturale e la mitologia.<\/span><\/p>\n\n\t\t<\/div>\n\t<\/div>\n\t\n\t\n\n\t\t<\/div>\n\t\t\t\t\t<\/div>\n\n\t\n\n\t<div id=\"col-1357871539\" class=\"col medium-4 large-4\"  >\n\t\t\t\t<div class=\"col-inner\"  >\n\t\t\t\n\t\t\t\n\n\n\t\t<div class=\"icon-box featured-box icon-box-center text-center\"  style=\"margin:0px 0px 0px 0px;\">\n\t\t\t\t\t<div class=\"icon-box-img has-icon-bg\" style=\"width: 46px\">\n\t\t\t\t<div class=\"icon\">\n\t\t\t\t\t<div class=\"icon-inner\" style=\"border-width:2px;color:rgb(182, 182, 182);\">\n\t\t\t\t\t\t\t\t\t\t\t<\/div>\n\t\t\t\t<\/div>\n\t\t\t<\/div>\n\t\t\t\t<div class=\"icon-box-text last-reset\">\n\t\t\t<h5 class=\"uppercase\">Quanto spesso appare qualcosa di nuovo?<\/h5>\t\t\t\t\t\t\n\n<p>Der Blutmond steigt nur alle paar Jahre und dennoch will ihn jeder sehen. Wann ein Gestirn aufgeht, bestimmen die Menge an Materie und das entsprechende Licht.<\/p>\n\n\t\t<\/div>\n\t<\/div>\n\t\n\t\n\n\t\t<\/div>\n\t\t\t\t\t<\/div>\n\n\t\n\n\t<div id=\"col-411854552\" class=\"col medium-4 large-4\"  >\n\t\t\t\t<div class=\"col-inner\"  >\n\t\t\t\n\t\t\t\n\n\n\t\t<div class=\"icon-box featured-box icon-box-center text-center\"  style=\"margin:0px 0px 0px 0px;\">\n\t\t\t\t\t<div class=\"icon-box-img has-icon-bg\" style=\"width: 46px\">\n\t\t\t\t<div class=\"icon\">\n\t\t\t\t\t<div class=\"icon-inner\" style=\"border-width:2px;color:rgb(182, 182, 182);\">\n\t\t\t\t\t\t\t\t\t\t\t<\/div>\n\t\t\t\t<\/div>\n\t\t\t<\/div>\n\t\t\t\t<div class=\"icon-box-text last-reset\">\n\t\t\t<h5 class=\"uppercase\">ispirazione dalla natura<\/h5>\t\t\t\t\t\t\n\n<p>Die Autoren von bibitri betrachten ihr Leben als interessante Forschungsreise. Oft ist es der Aufenthalt in der freien Natur, der zu neuen Erkenntnissen f\u00fchrt.<\/p>\n\n\t\t<\/div>\n\t<\/div>\n\t\n\t\n\n\t\t<\/div>\n\t\t\t\t\t<\/div>\n\n\t\n\n<\/div>\n\t<div id=\"gap-134861496\" class=\"gap-element clearfix\" style=\"display:block; height:auto;\">\n\t\t\n<style>\n#gap-134861496 {\n  padding-top: 40px;\n}\n<\/style>\n\t<\/div>\n\t\n\n<div class=\"slider-wrapper relative\" id=\"slider-39924826\" >\n    <div class=\"slider slider-nav-circle slider-nav-large slider-nav-light slider-style-normal\"\n        data-flickity-options='{\n            \"cellAlign\": \"center\",\n            \"imagesLoaded\": true,\n            \"lazyLoad\": 1,\n            \"freeScroll\": false,\n            \"wrapAround\": true,\n            \"autoPlay\": 2000,\n            \"pauseAutoPlayOnHover\" : true,\n            \"prevNextButtons\": true,\n            \"contain\" : true,\n            \"adaptiveHeight\" : true,\n            \"dragThreshold\" : 10,\n            \"percentPosition\": true,\n            \"pageDots\": true,\n            \"rightToLeft\": false,\n            \"draggable\": true,\n            \"selectedAttraction\": 0.1,\n            \"parallax\" : 0,\n            \"friction\": 0.6        }'\n        >\n        \n\n\n     <\/div>\n\n     <div class=\"loading-spin dark large centered\"><\/div>\n\n\t<\/div>\n\n\n\n  \n    <div class=\"row large-columns-4 medium-columns-3 small-columns-1 slider row-slider slider-nav-reveal slider-nav-push\"  data-flickity-options='{&quot;imagesLoaded&quot;: true, &quot;groupCells&quot;: &quot;100%&quot;, &quot;dragThreshold&quot; : 5, &quot;cellAlign&quot;: &quot;left&quot;,&quot;wrapAround&quot;: true,&quot;prevNextButtons&quot;: true,&quot;percentPosition&quot;: true,&quot;pageDots&quot;: false, &quot;rightToLeft&quot;: false, &quot;autoPlay&quot; : false}' >\n\n  <\/div>\n\n\n\n<p><\/p>\n","protected":false},"excerpt":{"rendered":"","protected":false},"author":2,"featured_media":410,"parent":0,"menu_order":1,"comment_status":"closed","ping_status":"closed","template":"page-blank.php","meta":{"footnotes":""},"class_list":["post-693","page","type-page","status-publish","has-post-thumbnail","hentry"],"yoast_head":"<!-- This site is optimized with the Yoast SEO plugin v27.3 - https:\/\/yoast.com\/product\/yoast-seo-wordpress\/ -->\n<title>nuove conoscenze su vecchie tracce - bibitri Verlag<\/title>\n<meta name=\"description\" content=\"scienza popolare, storia culturale e mitologia Gi\u00e0 curiosi?\" \/>\n<meta name=\"robots\" content=\"index, follow, max-snippet:-1, max-image-preview:large, max-video-preview:-1\" \/>\n<link rel=\"canonical\" href=\"https:\/\/www.bibitri.at\/it\/\" \/>\n<meta property=\"og:locale\" content=\"it_IT\" \/>\n<meta property=\"og:type\" content=\"article\" \/>\n<meta property=\"og:title\" content=\"nuove conoscenze su vecchie tracce - bibitri Verlag\" \/>\n<meta property=\"og:description\" content=\"scienza popolare, storia culturale e mitologia Gi\u00e0 curiosi?\" \/>\n<meta property=\"og:url\" content=\"https:\/\/www.bibitri.at\/it\/\" \/>\n<meta property=\"og:site_name\" content=\"bibitri Verlag\" \/>\n<meta property=\"article:modified_time\" content=\"2026-04-09T10:28:26+00:00\" \/>\n<meta property=\"og:image\" content=\"https:\/\/www.bibitri.at\/wp-content\/uploads\/2016\/08\/dummy-1.jpg\" \/>\n\t<meta property=\"og:image:width\" content=\"400\" \/>\n\t<meta property=\"og:image:height\" content=\"260\" \/>\n\t<meta property=\"og:image:type\" content=\"image\/jpeg\" \/>\n<meta name=\"twitter:card\" content=\"summary_large_image\" \/>\n<meta name=\"twitter:label1\" content=\"Tempo di lettura stimato\" \/>\n\t<meta name=\"twitter:data1\" content=\"4 minuti\" \/>\n<script type=\"application\/ld+json\" class=\"yoast-schema-graph\">{\"@context\":\"https:\\\/\\\/schema.org\",\"@graph\":[{\"@type\":\"WebPage\",\"@id\":\"https:\\\/\\\/www.bibitri.at\\\/it\\\/\",\"url\":\"https:\\\/\\\/www.bibitri.at\\\/it\\\/\",\"name\":\"nuove conoscenze su vecchie tracce - bibitri Verlag\",\"isPartOf\":{\"@id\":\"https:\\\/\\\/www.bibitri.at\\\/it\\\/#website\"},\"primaryImageOfPage\":{\"@id\":\"https:\\\/\\\/www.bibitri.at\\\/it\\\/#primaryimage\"},\"image\":{\"@id\":\"https:\\\/\\\/www.bibitri.at\\\/it\\\/#primaryimage\"},\"thumbnailUrl\":\"https:\\\/\\\/www.bibitri.at\\\/wp-content\\\/uploads\\\/2016\\\/08\\\/dummy-1.jpg\",\"datePublished\":\"2022-10-19T10:42:24+00:00\",\"dateModified\":\"2026-04-09T10:28:26+00:00\",\"description\":\"scienza popolare, storia culturale e mitologia Gi\u00e0 curiosi?\",\"breadcrumb\":{\"@id\":\"https:\\\/\\\/www.bibitri.at\\\/it\\\/#breadcrumb\"},\"inLanguage\":\"it-IT\",\"potentialAction\":[{\"@type\":\"ReadAction\",\"target\":[\"https:\\\/\\\/www.bibitri.at\\\/it\\\/\"]}]},{\"@type\":\"ImageObject\",\"inLanguage\":\"it-IT\",\"@id\":\"https:\\\/\\\/www.bibitri.at\\\/it\\\/#primaryimage\",\"url\":\"https:\\\/\\\/www.bibitri.at\\\/wp-content\\\/uploads\\\/2016\\\/08\\\/dummy-1.jpg\",\"contentUrl\":\"https:\\\/\\\/www.bibitri.at\\\/wp-content\\\/uploads\\\/2016\\\/08\\\/dummy-1.jpg\",\"width\":400,\"height\":260},{\"@type\":\"BreadcrumbList\",\"@id\":\"https:\\\/\\\/www.bibitri.at\\\/it\\\/#breadcrumb\",\"itemListElement\":[{\"@type\":\"ListItem\",\"position\":1,\"name\":\"Startseite\",\"item\":\"https:\\\/\\\/www.bibitri.at\\\/it\\\/\"},{\"@type\":\"ListItem\",\"position\":2,\"name\":\"nuove conoscenze su vecchie tracce\"}]},{\"@type\":\"WebSite\",\"@id\":\"https:\\\/\\\/www.bibitri.at\\\/it\\\/#website\",\"url\":\"https:\\\/\\\/www.bibitri.at\\\/it\\\/\",\"name\":\"bibitri Verlag\",\"description\":\"\",\"publisher\":{\"@id\":\"https:\\\/\\\/www.bibitri.at\\\/it\\\/#organization\"},\"potentialAction\":[{\"@type\":\"SearchAction\",\"target\":{\"@type\":\"EntryPoint\",\"urlTemplate\":\"https:\\\/\\\/www.bibitri.at\\\/it\\\/?s={search_term_string}\"},\"query-input\":{\"@type\":\"PropertyValueSpecification\",\"valueRequired\":true,\"valueName\":\"search_term_string\"}}],\"inLanguage\":\"it-IT\"},{\"@type\":\"Organization\",\"@id\":\"https:\\\/\\\/www.bibitri.at\\\/it\\\/#organization\",\"name\":\"bibitri Verlag\",\"url\":\"https:\\\/\\\/www.bibitri.at\\\/it\\\/\",\"logo\":{\"@type\":\"ImageObject\",\"inLanguage\":\"it-IT\",\"@id\":\"https:\\\/\\\/www.bibitri.at\\\/it\\\/#\\\/schema\\\/logo\\\/image\\\/\",\"url\":\"https:\\\/\\\/www.bibitri.at\\\/wp-content\\\/uploads\\\/2022\\\/10\\\/cropped-bibitri-1-1.png\",\"contentUrl\":\"https:\\\/\\\/www.bibitri.at\\\/wp-content\\\/uploads\\\/2022\\\/10\\\/cropped-bibitri-1-1.png\",\"width\":512,\"height\":512,\"caption\":\"bibitri Verlag\"},\"image\":{\"@id\":\"https:\\\/\\\/www.bibitri.at\\\/it\\\/#\\\/schema\\\/logo\\\/image\\\/\"}}]}<\/script>\n<!-- \/ Yoast SEO plugin. -->","yoast_head_json":{"title":"nuove conoscenze su vecchie tracce - bibitri Verlag","description":"scienza popolare, storia culturale e mitologia Gi\u00e0 curiosi?","robots":{"index":"index","follow":"follow","max-snippet":"max-snippet:-1","max-image-preview":"max-image-preview:large","max-video-preview":"max-video-preview:-1"},"canonical":"https:\/\/www.bibitri.at\/it\/","og_locale":"it_IT","og_type":"article","og_title":"nuove conoscenze su vecchie tracce - bibitri Verlag","og_description":"scienza popolare, storia culturale e mitologia Gi\u00e0 curiosi?","og_url":"https:\/\/www.bibitri.at\/it\/","og_site_name":"bibitri Verlag","article_modified_time":"2026-04-09T10:28:26+00:00","og_image":[{"width":400,"height":260,"url":"https:\/\/www.bibitri.at\/wp-content\/uploads\/2016\/08\/dummy-1.jpg","type":"image\/jpeg"}],"twitter_card":"summary_large_image","twitter_misc":{"Tempo di lettura stimato":"4 minuti"},"schema":{"@context":"https:\/\/schema.org","@graph":[{"@type":"WebPage","@id":"https:\/\/www.bibitri.at\/it\/","url":"https:\/\/www.bibitri.at\/it\/","name":"nuove conoscenze su vecchie tracce - bibitri Verlag","isPartOf":{"@id":"https:\/\/www.bibitri.at\/it\/#website"},"primaryImageOfPage":{"@id":"https:\/\/www.bibitri.at\/it\/#primaryimage"},"image":{"@id":"https:\/\/www.bibitri.at\/it\/#primaryimage"},"thumbnailUrl":"https:\/\/www.bibitri.at\/wp-content\/uploads\/2016\/08\/dummy-1.jpg","datePublished":"2022-10-19T10:42:24+00:00","dateModified":"2026-04-09T10:28:26+00:00","description":"scienza popolare, storia culturale e mitologia Gi\u00e0 curiosi?","breadcrumb":{"@id":"https:\/\/www.bibitri.at\/it\/#breadcrumb"},"inLanguage":"it-IT","potentialAction":[{"@type":"ReadAction","target":["https:\/\/www.bibitri.at\/it\/"]}]},{"@type":"ImageObject","inLanguage":"it-IT","@id":"https:\/\/www.bibitri.at\/it\/#primaryimage","url":"https:\/\/www.bibitri.at\/wp-content\/uploads\/2016\/08\/dummy-1.jpg","contentUrl":"https:\/\/www.bibitri.at\/wp-content\/uploads\/2016\/08\/dummy-1.jpg","width":400,"height":260},{"@type":"BreadcrumbList","@id":"https:\/\/www.bibitri.at\/it\/#breadcrumb","itemListElement":[{"@type":"ListItem","position":1,"name":"Startseite","item":"https:\/\/www.bibitri.at\/it\/"},{"@type":"ListItem","position":2,"name":"nuove conoscenze su vecchie tracce"}]},{"@type":"WebSite","@id":"https:\/\/www.bibitri.at\/it\/#website","url":"https:\/\/www.bibitri.at\/it\/","name":"bibitri Verlag","description":"","publisher":{"@id":"https:\/\/www.bibitri.at\/it\/#organization"},"potentialAction":[{"@type":"SearchAction","target":{"@type":"EntryPoint","urlTemplate":"https:\/\/www.bibitri.at\/it\/?s={search_term_string}"},"query-input":{"@type":"PropertyValueSpecification","valueRequired":true,"valueName":"search_term_string"}}],"inLanguage":"it-IT"},{"@type":"Organization","@id":"https:\/\/www.bibitri.at\/it\/#organization","name":"bibitri Verlag","url":"https:\/\/www.bibitri.at\/it\/","logo":{"@type":"ImageObject","inLanguage":"it-IT","@id":"https:\/\/www.bibitri.at\/it\/#\/schema\/logo\/image\/","url":"https:\/\/www.bibitri.at\/wp-content\/uploads\/2022\/10\/cropped-bibitri-1-1.png","contentUrl":"https:\/\/www.bibitri.at\/wp-content\/uploads\/2022\/10\/cropped-bibitri-1-1.png","width":512,"height":512,"caption":"bibitri Verlag"},"image":{"@id":"https:\/\/www.bibitri.at\/it\/#\/schema\/logo\/image\/"}}]}},"_links":{"self":[{"href":"https:\/\/www.bibitri.at\/it\/wp-json\/wp\/v2\/pages\/693","targetHints":{"allow":["GET"]}}],"collection":[{"href":"https:\/\/www.bibitri.at\/it\/wp-json\/wp\/v2\/pages"}],"about":[{"href":"https:\/\/www.bibitri.at\/it\/wp-json\/wp\/v2\/types\/page"}],"author":[{"embeddable":true,"href":"https:\/\/www.bibitri.at\/it\/wp-json\/wp\/v2\/users\/2"}],"replies":[{"embeddable":true,"href":"https:\/\/www.bibitri.at\/it\/wp-json\/wp\/v2\/comments?post=693"}],"version-history":[{"count":128,"href":"https:\/\/www.bibitri.at\/it\/wp-json\/wp\/v2\/pages\/693\/revisions"}],"predecessor-version":[{"id":1613,"href":"https:\/\/www.bibitri.at\/it\/wp-json\/wp\/v2\/pages\/693\/revisions\/1613"}],"wp:featuredmedia":[{"embeddable":true,"href":"https:\/\/www.bibitri.at\/it\/wp-json\/wp\/v2\/media\/410"}],"wp:attachment":[{"href":"https:\/\/www.bibitri.at\/it\/wp-json\/wp\/v2\/media?parent=693"}],"curies":[{"name":"wp","href":"https:\/\/api.w.org\/{rel}","templated":true}]}}